{"id":1123,"date":"2021-01-01T23:53:36","date_gmt":"2021-01-01T22:53:36","guid":{"rendered":"http:\/\/cftc-syntec.fr\/testimport\/?page_id=1123"},"modified":"2021-07-29T13:34:04","modified_gmt":"2021-07-29T11:34:04","slug":"actualites","status":"publish","type":"page","link":"https:\/\/cftc-syntec.fr\/testimport\/","title":{"rendered":"Actualit\u00e9s"},"content":{"rendered":"\t\t<div data-elementor-type=\"wp-page\" data-elementor-id=\"1123\" class=\"elementor elementor-1123\">\n\t\t\t\t\t\t<div class=\"elementor-inner\">\n\t\t\t\t<div class=\"elementor-section-wrap\">\n\t\t\t\t\t\t\t\t\t<section class=\"elementor-section elementor-top-section elementor-element elementor-element-6ba2a6d0 elementor-section-boxed elementor-section-height-default elementor-section-height-default\" data-id=\"6ba2a6d0\" data-element_type=\"section\" data-settings=\"{&quot;background_background&quot;:&quot;classic&quot;}\">\n\t\t\t\t\t\t\t<div class=\"elementor-background-overlay\"><\/div>\n\t\t\t\t\t\t\t<div class=\"elementor-container elementor-column-gap-default\">\n\t\t\t\t\t\t\t<div class=\"elementor-row\">\n\t\t\t\t\t<div class=\"elementor-column elementor-col-100 elementor-top-column elementor-element elementor-element-70bebc1e\" data-id=\"70bebc1e\" data-element_type=\"column\">\n\t\t\t<div class=\"elementor-column-wrap elementor-element-populated\">\n\t\t\t\t\t\t\t<div class=\"elementor-widget-wrap\">\n\t\t\t\t\t\t<div class=\"elementor-element elementor-element-3f5a1e9a elementor-grid-4 elementor-grid-tablet-2 elementor-grid-mobile-1 elementor-posts--thumbnail-top elementor-posts--show-avatar elementor-card-shadow-yes elementor-posts__hover-gradient elementor-widget elementor-widget-posts\" data-id=\"3f5a1e9a\" data-element_type=\"widget\" data-settings=\"{&quot;pagination_type&quot;:&quot;numbers_and_prev_next&quot;,&quot;cards_masonry&quot;:&quot;yes&quot;,&quot;cards_row_gap&quot;:{&quot;unit&quot;:&quot;px&quot;,&quot;size&quot;:20,&quot;sizes&quot;:[]},&quot;cards_columns&quot;:&quot;4&quot;,&quot;cards_columns_tablet&quot;:&quot;2&quot;,&quot;cards_columns_mobile&quot;:&quot;1&quot;,&quot;cards_row_gap_tablet&quot;:{&quot;unit&quot;:&quot;px&quot;,&quot;size&quot;:&quot;&quot;,&quot;sizes&quot;:[]},&quot;cards_row_gap_mobile&quot;:{&quot;unit&quot;:&quot;px&quot;,&quot;size&quot;:&quot;&quot;,&quot;sizes&quot;:[]}}\" data-widget_type=\"posts.cards\">\n\t\t\t\t<div class=\"elementor-widget-container\">\n\t\t\t\t\t<div class=\"elementor-posts-container elementor-posts elementor-posts--skin-cards elementor-grid\">\n\t\t\t\t<article class=\"elementor-post elementor-grid-item post-5313 post type-post status-publish format-standard hentry category-non-classe\">\n\t\t\t<div class=\"elementor-post__card\">\n\t\t\t\t<div class=\"elementor-post__text\">\n\t\t\t\t<h3 class=\"elementor-post__title\">\n\t\t\t<a href=\"https:\/\/cftc-syntec.fr\/testimport\/formation-initiale-cftc-7\/\" >\n\t\t\t\tFormation Initiale CFTC\t\t\t<\/a>\n\t\t<\/h3>\n\t\t\t\t<div class=\"elementor-post__excerpt\">\n\t\t\t<p>22\/09\/2026 &#8211; 24\/09\/2026 &#8211; Toute la journ\u00e9e Villejuif 100 avenue de Stalingrad Villejuif<\/p>\n\t\t<\/div>\n\t\t\t\t<\/div>\n\t\t\t\t<div class=\"elementor-post__meta-data\">\n\t\t\t\t\t<span class=\"elementor-post-date\">\n\t\t\t28 avril 2026\t\t<\/span>\n\t\t\t\t<\/div>\n\t\t\t\t\t<\/div>\n\t\t<\/article>\n\t\t\t\t<article class=\"elementor-post elementor-grid-item post-5312 post type-post status-publish format-standard hentry category-non-classe\">\n\t\t\t<div class=\"elementor-post__card\">\n\t\t\t\t<div class=\"elementor-post__text\">\n\t\t\t\t<h3 class=\"elementor-post__title\">\n\t\t\t<a href=\"https:\/\/cftc-syntec.fr\/testimport\/initiation-au-droit-du-travail-5\/\" >\n\t\t\t\tInitiation au droit du travail\t\t\t<\/a>\n\t\t<\/h3>\n\t\t\t\t<div class=\"elementor-post__excerpt\">\n\t\t\t<p>15\/09\/2026 &#8211; 17\/09\/2026 &#8211; Toute la journ\u00e9e Villejuif 100 avenue de Stalingrad Villejuif<\/p>\n\t\t<\/div>\n\t\t\t\t<\/div>\n\t\t\t\t<div class=\"elementor-post__meta-data\">\n\t\t\t\t\t<span class=\"elementor-post-date\">\n\t\t\t28 avril 2026\t\t<\/span>\n\t\t\t\t<\/div>\n\t\t\t\t\t<\/div>\n\t\t<\/article>\n\t\t\t\t<article class=\"elementor-post elementor-grid-item post-5311 post type-post status-publish format-standard hentry category-non-classe\">\n\t\t\t<div class=\"elementor-post__card\">\n\t\t\t\t<div class=\"elementor-post__text\">\n\t\t\t\t<h3 class=\"elementor-post__title\">\n\t\t\t<a href=\"https:\/\/cftc-syntec.fr\/testimport\/execution-du-contrat-de-travail-2\/\" >\n\t\t\t\tEx\u00e9cution du contrat de travail\t\t\t<\/a>\n\t\t<\/h3>\n\t\t\t\t<div class=\"elementor-post__excerpt\">\n\t\t\t<p>23\/06\/2026 &#8211; 25\/06\/2026 &#8211; Toute la journ\u00e9e Villejuif 100 avenue de Stalingrad Villejuif<\/p>\n\t\t<\/div>\n\t\t\t\t<\/div>\n\t\t\t\t<div class=\"elementor-post__meta-data\">\n\t\t\t\t\t<span class=\"elementor-post-date\">\n\t\t\t28 avril 2026\t\t<\/span>\n\t\t\t\t<\/div>\n\t\t\t\t\t<\/div>\n\t\t<\/article>\n\t\t\t\t<article class=\"elementor-post elementor-grid-item post-5310 post type-post status-publish format-standard hentry category-non-classe\">\n\t\t\t<div class=\"elementor-post__card\">\n\t\t\t\t<div class=\"elementor-post__text\">\n\t\t\t\t<h3 class=\"elementor-post__title\">\n\t\t\t<a href=\"https:\/\/cftc-syntec.fr\/testimport\/sante-mentale-au-travail-quelques-chiffres-beaucoup-dinquietudes\/\" >\n\t\t\t\tSant\u00e9 mentale au travail\u00a0: quelques chiffres, beaucoup d\u2019inqui\u00e9tudes\t\t\t<\/a>\n\t\t<\/h3>\n\t\t\t\t<div class=\"elementor-post__excerpt\">\n\t\t\t<p>Cet article Sant\u00e9 mentale au travail\u00a0: quelques chiffres, beaucoup d\u2019inqui\u00e9tudes est apparu en premier sur CFTC.<\/p>\n\t\t<\/div>\n\t\t\t\t<\/div>\n\t\t\t\t<div class=\"elementor-post__meta-data\">\n\t\t\t\t\t<span class=\"elementor-post-date\">\n\t\t\t28 avril 2026\t\t<\/span>\n\t\t\t\t<\/div>\n\t\t\t\t\t<\/div>\n\t\t<\/article>\n\t\t\t\t<article class=\"elementor-post elementor-grid-item post-5309 post type-post status-publish format-standard hentry category-non-classe\">\n\t\t\t<div class=\"elementor-post__card\">\n\t\t\t\t<div class=\"elementor-post__text\">\n\t\t\t\t<h3 class=\"elementor-post__title\">\n\t\t\t<a href=\"https:\/\/cftc-syntec.fr\/testimport\/moral-des-salaries-atteint-efficacite-contestee-a-la-societe-generale-la-reduction-du-teletravail-interroge\/\" >\n\t\t\t\tMoral des salari\u00e9s atteint, efficacit\u00e9 contest\u00e9e : \u00e0 la Soci\u00e9t\u00e9 G\u00e9n\u00e9rale, la r\u00e9duction du t\u00e9l\u00e9travail interroge\t\t\t<\/a>\n\t\t<\/h3>\n\t\t\t\t<div class=\"elementor-post__excerpt\">\n\t\t\t<p>Cet article Moral des salari\u00e9s atteint, efficacit\u00e9 contest\u00e9e : \u00e0 la Soci\u00e9t\u00e9 G\u00e9n\u00e9rale, la r\u00e9duction du t\u00e9l\u00e9travail interroge est apparu en premier sur CFTC.<\/p>\n\t\t<\/div>\n\t\t\t\t<\/div>\n\t\t\t\t<div class=\"elementor-post__meta-data\">\n\t\t\t\t\t<span class=\"elementor-post-date\">\n\t\t\t22 avril 2026\t\t<\/span>\n\t\t\t\t<\/div>\n\t\t\t\t\t<\/div>\n\t\t<\/article>\n\t\t\t\t<article class=\"elementor-post elementor-grid-item post-5308 post type-post status-publish format-standard hentry category-non-classe\">\n\t\t\t<div class=\"elementor-post__card\">\n\t\t\t\t<div class=\"elementor-post__text\">\n\t\t\t\t<h3 class=\"elementor-post__title\">\n\t\t\t<a href=\"https:\/\/cftc-syntec.fr\/testimport\/ag-martinique-7-mars-2026\/\" >\n\t\t\t\tAG Martinique \u2013 7 mars 2026\t\t\t<\/a>\n\t\t<\/h3>\n\t\t\t\t<div class=\"elementor-post__excerpt\">\n\t\t\t<p>L\u2019AG du syndicat de Martinique s\u2019est tenue \u00e0 Fort-de-France, dans une ambiance d\u00e9tendue et studieuse. 22 adh\u00e9rents pr\u00e9sents, avec 4 procurations, soit 26 votants. Les statuts ainsi que les rapports d\u2019activit\u00e9 et financier ont \u00e9t\u00e9 adopt\u00e9s \u00e0 l\u2019unanimit\u00e9. Un Conseil de 17 membres a \u00e9t\u00e9 \u00e9lu, dont Emmanuel Dentimille (moins de 35 ans) et Eddy Bloud,<\/p>\n\t\t<\/div>\n\t\t\t\t<\/div>\n\t\t\t\t<div class=\"elementor-post__meta-data\">\n\t\t\t\t\t<span class=\"elementor-post-date\">\n\t\t\t20 avril 2026\t\t<\/span>\n\t\t\t\t<\/div>\n\t\t\t\t\t<\/div>\n\t\t<\/article>\n\t\t\t\t<article class=\"elementor-post elementor-grid-item post-5307 post type-post status-publish format-standard hentry category-non-classe\">\n\t\t\t<div class=\"elementor-post__card\">\n\t\t\t\t<div class=\"elementor-post__text\">\n\t\t\t\t<h3 class=\"elementor-post__title\">\n\t\t\t<a href=\"https:\/\/cftc-syntec.fr\/testimport\/la-cftc-engagee-pour-valoriser-les-metiers-de-la-distribution-papier-carton\/\" >\n\t\t\t\tLa CFTC engag\u00e9e pour valoriser les m\u00e9tiers de la distribution papier-carton\t\t\t<\/a>\n\t\t<\/h3>\n\t\t\t\t<div class=\"elementor-post__excerpt\">\n\t\t\t<p>La CFTC est fi\u00e8re d\u2019avoir pris part, aux c\u00f4t\u00e9s des organisations syndicales et patronales de la branche, \u00e0 la r\u00e9alisation d\u2019une vid\u00e9o collective dans le cadre de la Commission Paritaire Nationale de l\u2019Emploi et de la Formation Professionnelle (CPNEFP). \u00c0 travers l\u2019implication de ses repr\u00e9sentants, Mo\u00ebz Thabet, David Gauthier et Johann Decoux, la CFTC contribue activement<\/p>\n\t\t<\/div>\n\t\t\t\t<\/div>\n\t\t\t\t<div class=\"elementor-post__meta-data\">\n\t\t\t\t\t<span class=\"elementor-post-date\">\n\t\t\t16 avril 2026\t\t<\/span>\n\t\t\t\t<\/div>\n\t\t\t\t\t<\/div>\n\t\t<\/article>\n\t\t\t\t<article class=\"elementor-post elementor-grid-item post-5306 post type-post status-publish format-standard hentry category-non-classe\">\n\t\t\t<div class=\"elementor-post__card\">\n\t\t\t\t<div class=\"elementor-post__text\">\n\t\t\t\t<h3 class=\"elementor-post__title\">\n\t\t\t<a href=\"https:\/\/cftc-syntec.fr\/testimport\/ag-ues-sfr-12-fevrier-2026\/\" >\n\t\t\t\tAG UES SFR -12 f\u00e9vrier 2026\t\t\t<\/a>\n\t\t<\/h3>\n\t\t\t\t<div class=\"elementor-post__excerpt\">\n\t\t\t<p>L\u2019AG de la section UES SFR s\u2019est tenue \u00e0 Paris, aux Espaces Diderot, en pr\u00e9sence de 39 participants. Ouverte par Thierry Patenne, repr\u00e9sentant de la F\u00e9d\u00e9ration, elle a permis de faire le bilan des actions men\u00e9es, notamment sur la pr\u00e9sence terrain, le d\u00e9veloppement des adh\u00e9sions et les r\u00e9sultats \u00e9lectoraux. \u00c0 l\u2019issue du vote, le bureau a<\/p>\n\t\t<\/div>\n\t\t\t\t<\/div>\n\t\t\t\t<div class=\"elementor-post__meta-data\">\n\t\t\t\t\t<span class=\"elementor-post-date\">\n\t\t\t16 avril 2026\t\t<\/span>\n\t\t\t\t<\/div>\n\t\t\t\t\t<\/div>\n\t\t<\/article>\n\t\t\t\t<article class=\"elementor-post elementor-grid-item post-5305 post type-post status-publish format-standard hentry category-non-classe\">\n\t\t\t<div class=\"elementor-post__card\">\n\t\t\t\t<div class=\"elementor-post__text\">\n\t\t\t\t<h3 class=\"elementor-post__title\">\n\t\t\t<a href=\"https:\/\/cftc-syntec.fr\/testimport\/1er-mai-hausse-du-prix-des-carburants-cyril-chabanier-fait-le-point-sur-sud-radio\/\" >\n\t\t\t\t1er mai, hausse du prix des carburants : Cyril Chabanier fait le point sur Sud Radio\t\t\t<\/a>\n\t\t<\/h3>\n\t\t\t\t<div class=\"elementor-post__excerpt\">\n\t\t\t<p>Cet article 1er mai, hausse du prix des carburants : Cyril Chabanier fait le point sur Sud Radio est apparu en premier sur CFTC.<\/p>\n\t\t<\/div>\n\t\t\t\t<\/div>\n\t\t\t\t<div class=\"elementor-post__meta-data\">\n\t\t\t\t\t<span class=\"elementor-post-date\">\n\t\t\t14 avril 2026\t\t<\/span>\n\t\t\t\t<\/div>\n\t\t\t\t\t<\/div>\n\t\t<\/article>\n\t\t\t\t<article class=\"elementor-post elementor-grid-item post-5304 post type-post status-publish format-standard hentry category-non-classe\">\n\t\t\t<div class=\"elementor-post__card\">\n\t\t\t\t<div class=\"elementor-post__text\">\n\t\t\t\t<h3 class=\"elementor-post__title\">\n\t\t\t<a href=\"https:\/\/cftc-syntec.fr\/testimport\/aides-publiques-aux-entreprises-ce-quil-faut-changer-pour-mieux-depenser\/\" >\n\t\t\t\tAides publiques aux entreprises : ce qu\u2019il faut changer, pour mieux d\u00e9penser\t\t\t<\/a>\n\t\t<\/h3>\n\t\t\t\t<div class=\"elementor-post__excerpt\">\n\t\t\t<p>Cet article Aides publiques aux entreprises : ce qu\u2019il faut changer, pour mieux d\u00e9penser est apparu en premier sur CFTC.<\/p>\n\t\t<\/div>\n\t\t\t\t<\/div>\n\t\t\t\t<div class=\"elementor-post__meta-data\">\n\t\t\t\t\t<span class=\"elementor-post-date\">\n\t\t\t14 avril 2026\t\t<\/span>\n\t\t\t\t<\/div>\n\t\t\t\t\t<\/div>\n\t\t<\/article>\n\t\t\t\t<article class=\"elementor-post elementor-grid-item post-5303 post type-post status-publish format-standard hentry category-non-classe\">\n\t\t\t<div class=\"elementor-post__card\">\n\t\t\t\t<div class=\"elementor-post__text\">\n\t\t\t\t<h3 class=\"elementor-post__title\">\n\t\t\t<a href=\"https:\/\/cftc-syntec.fr\/testimport\/le-1er-mai-restera-un-jour-chome-et-ferie-se-felicite-cyril-chabanier-sur-bfm-tv\/\" >\n\t\t\t\t\u00abLe 1er mai restera un jour ch\u00f4m\u00e9 et f\u00e9ri\u00e9\u00bb se f\u00e9licite Cyril Chabanier, sur BFM TV\t\t\t<\/a>\n\t\t<\/h3>\n\t\t\t\t<div class=\"elementor-post__excerpt\">\n\t\t\t<p>Cet article \u00abLe 1er mai restera un jour ch\u00f4m\u00e9 et f\u00e9ri\u00e9\u00bb se f\u00e9licite Cyril Chabanier, sur BFM TV est apparu en premier sur CFTC.<\/p>\n\t\t<\/div>\n\t\t\t\t<\/div>\n\t\t\t\t<div class=\"elementor-post__meta-data\">\n\t\t\t\t\t<span class=\"elementor-post-date\">\n\t\t\t14 avril 2026\t\t<\/span>\n\t\t\t\t<\/div>\n\t\t\t\t\t<\/div>\n\t\t<\/article>\n\t\t\t\t<article class=\"elementor-post elementor-grid-item post-5302 post type-post status-publish format-standard hentry category-non-classe\">\n\t\t\t<div class=\"elementor-post__card\">\n\t\t\t\t<div class=\"elementor-post__text\">\n\t\t\t\t<h3 class=\"elementor-post__title\">\n\t\t\t<a href=\"https:\/\/cftc-syntec.fr\/testimport\/travail-le-1er-mai-les-arguments-visant-a-defendre-cette-loi-ne-tiennent-pas-juge-cyril-chabanier-sur-france-info\/\" >\n\t\t\t\tTravail le 1er mai: \u00ab Les arguments visant \u00e0 d\u00e9fendre cette loi ne tiennent pas \u00bb, juge Cyril Chabanier sur France Info\t\t\t<\/a>\n\t\t<\/h3>\n\t\t\t\t<div class=\"elementor-post__excerpt\">\n\t\t\t<p>Cet article Travail le 1er mai: \u00ab Les arguments visant \u00e0 d\u00e9fendre cette loi ne tiennent pas \u00bb, juge Cyril Chabanier sur France Info est apparu en premier sur CFTC.<\/p>\n\t\t<\/div>\n\t\t\t\t<\/div>\n\t\t\t\t<div class=\"elementor-post__meta-data\">\n\t\t\t\t\t<span class=\"elementor-post-date\">\n\t\t\t13 avril 2026\t\t<\/span>\n\t\t\t\t<\/div>\n\t\t\t\t\t<\/div>\n\t\t<\/article>\n\t\t\t\t<article class=\"elementor-post elementor-grid-item post-5301 post type-post status-publish format-standard hentry category-non-classe\">\n\t\t\t<div class=\"elementor-post__card\">\n\t\t\t\t<div class=\"elementor-post__text\">\n\t\t\t\t<h3 class=\"elementor-post__title\">\n\t\t\t<a href=\"https:\/\/cftc-syntec.fr\/testimport\/ag-aquitaine-5-fevrier-2026\/\" >\n\t\t\t\tAG Aquitaine \u2013 5 f\u00e9vrier 2026\t\t\t<\/a>\n\t\t<\/h3>\n\t\t\t\t<div class=\"elementor-post__excerpt\">\n\t\t\t<p>L\u2019AG du syndicat CFTC Media+ Aquitaine s\u2019est tenue dans les locaux de l\u2019Union D\u00e9partementale de Gironde \u00e0 Bordeaux, dans une ambiance conviviale. Les adh\u00e9rents ont examin\u00e9 les rapports moral, d\u2019activit\u00e9 et financier, avant d\u2019\u00e9lire le nouveau Conseil R\u00e9gional pour un mandat de quatre ans. Les \u00e9changes ont port\u00e9 sur les actualit\u00e9s de La Poste, Orange, Bouygues<\/p>\n\t\t<\/div>\n\t\t\t\t<\/div>\n\t\t\t\t<div class=\"elementor-post__meta-data\">\n\t\t\t\t\t<span class=\"elementor-post-date\">\n\t\t\t13 avril 2026\t\t<\/span>\n\t\t\t\t<\/div>\n\t\t\t\t\t<\/div>\n\t\t<\/article>\n\t\t\t\t<article class=\"elementor-post elementor-grid-item post-5300 post type-post status-publish format-standard hentry category-non-classe\">\n\t\t\t<div class=\"elementor-post__card\">\n\t\t\t\t<div class=\"elementor-post__text\">\n\t\t\t\t<h3 class=\"elementor-post__title\">\n\t\t\t<a href=\"https:\/\/cftc-syntec.fr\/testimport\/comment-agir-face-a-lexplosion-des-arrets-maladie\/\" >\n\t\t\t\tComment agir, face \u00e0 l\u2019explosion des arr\u00eats maladie ?\t\t\t<\/a>\n\t\t<\/h3>\n\t\t\t\t<div class=\"elementor-post__excerpt\">\n\t\t\t<p>Cet article Comment agir, face \u00e0 l\u2019explosion des arr\u00eats maladie ? est apparu en premier sur CFTC.<\/p>\n\t\t<\/div>\n\t\t\t\t<\/div>\n\t\t\t\t<div class=\"elementor-post__meta-data\">\n\t\t\t\t\t<span class=\"elementor-post-date\">\n\t\t\t10 avril 2026\t\t<\/span>\n\t\t\t\t<\/div>\n\t\t\t\t\t<\/div>\n\t\t<\/article>\n\t\t\t\t<article class=\"elementor-post elementor-grid-item post-5299 post type-post status-publish format-standard hentry category-non-classe\">\n\t\t\t<div class=\"elementor-post__card\">\n\t\t\t\t<div class=\"elementor-post__text\">\n\t\t\t\t<h3 class=\"elementor-post__title\">\n\t\t\t<a href=\"https:\/\/cftc-syntec.fr\/testimport\/hausse-du-prix-des-carburants-ce-nest-pas-tenable-et-on-ne-nous-donne-rien-denonce-cyril-chabanier-sur-bfm-tv\/\" >\n\t\t\t\tHausse du prix des carburants : \u00ab Ce n\u2019est pas tenable et on ne nous donne rien \u00bb d\u00e9nonce Cyril Chabanier sur BFM TV\t\t\t<\/a>\n\t\t<\/h3>\n\t\t\t\t<div class=\"elementor-post__excerpt\">\n\t\t\t<p>Cet article Hausse du prix des carburants : \u00ab Ce n\u2019est pas tenable et on ne nous donne rien \u00bb d\u00e9nonce Cyril Chabanier sur BFM TV est apparu en premier sur CFTC.<\/p>\n\t\t<\/div>\n\t\t\t\t<\/div>\n\t\t\t\t<div class=\"elementor-post__meta-data\">\n\t\t\t\t\t<span class=\"elementor-post-date\">\n\t\t\t9 avril 2026\t\t<\/span>\n\t\t\t\t<\/div>\n\t\t\t\t\t<\/div>\n\t\t<\/article>\n\t\t\t\t<article class=\"elementor-post elementor-grid-item post-5298 post type-post status-publish format-standard hentry category-non-classe\">\n\t\t\t<div class=\"elementor-post__card\">\n\t\t\t\t<div class=\"elementor-post__text\">\n\t\t\t\t<h3 class=\"elementor-post__title\">\n\t\t\t<a href=\"https:\/\/cftc-syntec.fr\/testimport\/editorial-13\/\" >\n\t\t\t\t\u00c9DITORIAL\t\t\t<\/a>\n\t\t<\/h3>\n\t\t\t\t<div class=\"elementor-post__excerpt\">\n\t\t\t<p>Pour une souverainet\u00e9 \u00e9conomique corr\u00e9lative \u00e0 notre performance sociale Alors que le sujet de la reconqu\u00eate de la souverainet\u00e9 de nos outils et de nos productions nationales est sur toutes les l\u00e8vres, nous avons jug\u00e9 important de nous pencher dans ce nouveau num\u00e9ro du Lien syndical sur ce qui fait la souverainet\u00e9 de nos m\u00e9tiers et<\/p>\n\t\t<\/div>\n\t\t\t\t<\/div>\n\t\t\t\t<div class=\"elementor-post__meta-data\">\n\t\t\t\t\t<span class=\"elementor-post-date\">\n\t\t\t3 avril 2026\t\t<\/span>\n\t\t\t\t<\/div>\n\t\t\t\t\t<\/div>\n\t\t<\/article>\n\t\t\t\t<article class=\"elementor-post elementor-grid-item post-5297 post type-post status-publish format-standard hentry category-non-classe\">\n\t\t\t<div class=\"elementor-post__card\">\n\t\t\t\t<div class=\"elementor-post__text\">\n\t\t\t\t<h3 class=\"elementor-post__title\">\n\t\t\t<a href=\"https:\/\/cftc-syntec.fr\/testimport\/interview-de-christophe-ecollan\/\" >\n\t\t\t\tINTERVIEW DE CHRISTOPHE ECOLLAN\t\t\t<\/a>\n\t\t<\/h3>\n\t\t\t\t<div class=\"elementor-post__excerpt\">\n\t\t\t<p>Christophe Ecollan, repr\u00e9sentant du personnel et militant CFTC, confie \u00e0 notre magazine son parcours, ses responsabilit\u00e9s et son exp\u00e9rience de conseiller prud\u2019homal, qu\u2019il s\u2019attache \u00e0 transmettre avec conviction. Salari\u00e9 chez Accenture, repr\u00e9sentant du personnel et militant CFTC depuis plus de vingt-cinq ans, Christophe Ecollan incarne un engagement syndical fid\u00e8le aux valeurs de dialogue, de responsabilit\u00e9 et<\/p>\n\t\t<\/div>\n\t\t\t\t<\/div>\n\t\t\t\t<div class=\"elementor-post__meta-data\">\n\t\t\t\t\t<span class=\"elementor-post-date\">\n\t\t\t3 avril 2026\t\t<\/span>\n\t\t\t\t<\/div>\n\t\t\t\t\t<\/div>\n\t\t<\/article>\n\t\t\t\t<article class=\"elementor-post elementor-grid-item post-5296 post type-post status-publish format-standard hentry category-non-classe\">\n\t\t\t<div class=\"elementor-post__card\">\n\t\t\t\t<div class=\"elementor-post__text\">\n\t\t\t\t<h3 class=\"elementor-post__title\">\n\t\t\t<a href=\"https:\/\/cftc-syntec.fr\/testimport\/une-animation-de-noel-reussie-chez-orange\/\" >\n\t\t\t\tUne animation de No\u00ebl r\u00e9ussie chez Orange\t\t\t<\/a>\n\t\t<\/h3>\n\t\t\t\t<div class=\"elementor-post__excerpt\">\n\t\t\t<p>En d\u00e9cembre dernier, Christophe Wartelle, militant engag\u00e9 au sein de Orange, a organis\u00e9 une animation de No\u00ebl sur le site OGS afin de cr\u00e9er un moment convivial avec les salari\u00e9s tout en renfor\u00e7ant la visibilit\u00e9 de la CFTC. Cette initiative s\u2019inscrit dans une d\u00e9marche de proximit\u00e9 men\u00e9e depuis plusieurs ann\u00e9es, visant \u00e0 instaurer un climat de<\/p>\n\t\t<\/div>\n\t\t\t\t<\/div>\n\t\t\t\t<div class=\"elementor-post__meta-data\">\n\t\t\t\t\t<span class=\"elementor-post-date\">\n\t\t\t3 avril 2026\t\t<\/span>\n\t\t\t\t<\/div>\n\t\t\t\t\t<\/div>\n\t\t<\/article>\n\t\t\t\t<article class=\"elementor-post elementor-grid-item post-5295 post type-post status-publish format-standard hentry category-non-classe\">\n\t\t\t<div class=\"elementor-post__card\">\n\t\t\t\t<div class=\"elementor-post__text\">\n\t\t\t\t<h3 class=\"elementor-post__title\">\n\t\t\t<a href=\"https:\/\/cftc-syntec.fr\/testimport\/galette-des-rois-au-lemnys\/\" >\n\t\t\t\tGalette des rois au Lemnys\t\t\t<\/a>\n\t\t<\/h3>\n\t\t\t\t<div class=\"elementor-post__excerpt\">\n\t\t\t<p>Le 8 janvier 2026, pr\u00e8s de 70 coll\u00e8gues se sont r\u00e9unis au Lemnys afin de partager les valeurs de la CFTC autour d\u2019une galette des rois. Cet \u00e9v\u00e9nement convivial et festif a permis de mieux faire conna\u00eetre les Activit\u00e9s Sociales et Culturelles (ASC) et a favoris\u00e9 les \u00e9changes avec les coll\u00e8gues. De nombreux repr\u00e9sentants et acteurs<\/p>\n\t\t<\/div>\n\t\t\t\t<\/div>\n\t\t\t\t<div class=\"elementor-post__meta-data\">\n\t\t\t\t\t<span class=\"elementor-post-date\">\n\t\t\t3 avril 2026\t\t<\/span>\n\t\t\t\t<\/div>\n\t\t\t\t\t<\/div>\n\t\t<\/article>\n\t\t\t\t<article class=\"elementor-post elementor-grid-item post-5294 post type-post status-publish format-standard hentry category-non-classe\">\n\t\t\t<div class=\"elementor-post__card\">\n\t\t\t\t<div class=\"elementor-post__text\">\n\t\t\t\t<h3 class=\"elementor-post__title\">\n\t\t\t<a href=\"https:\/\/cftc-syntec.fr\/testimport\/la-pluralite-syndicale-fait-vivre-la-nuance-la-chronique-eco-de-cyril-chabanier-sur-kto-tv\/\" >\n\t\t\t\tLa pluralit\u00e9 syndicale fait vivre la nuance : la chronique \u00c9co de Cyril Chabanier, sur KTO TV\t\t\t<\/a>\n\t\t<\/h3>\n\t\t\t\t<div class=\"elementor-post__excerpt\">\n\t\t\t<p>Cet article La pluralit\u00e9 syndicale fait vivre la nuance : la chronique \u00c9co de Cyril Chabanier, sur KTO TV est apparu en premier sur CFTC.<\/p>\n\t\t<\/div>\n\t\t\t\t<\/div>\n\t\t\t\t<div class=\"elementor-post__meta-data\">\n\t\t\t\t\t<span class=\"elementor-post-date\">\n\t\t\t3 avril 2026\t\t<\/span>\n\t\t\t\t<\/div>\n\t\t\t\t\t<\/div>\n\t\t<\/article>\n\t\t\t\t<article class=\"elementor-post elementor-grid-item post-5293 post type-post status-publish format-standard hentry category-non-classe\">\n\t\t\t<div class=\"elementor-post__card\">\n\t\t\t\t<div class=\"elementor-post__text\">\n\t\t\t\t<h3 class=\"elementor-post__title\">\n\t\t\t<a href=\"https:\/\/cftc-syntec.fr\/testimport\/ils-nous-traitent-comme-des-salaries-de-seconde-zone-dans-les-ex-magasins-cora-repris-par-carrefour-la-cftc-appelle-a-la-greve\/\" >\n\t\t\t\t\u00ab Ils nous traitent comme des salari\u00e9s de seconde zone \u00bb : dans les ex magasins Cora repris par Carrefour, la CFTC appelle \u00e0 la gr\u00e8ve\t\t\t<\/a>\n\t\t<\/h3>\n\t\t\t\t<div class=\"elementor-post__excerpt\">\n\t\t\t<p>Cet article \u00ab Ils nous traitent comme des salari\u00e9s de seconde zone \u00bb : dans les ex magasins Cora repris par Carrefour, la CFTC appelle \u00e0 la gr\u00e8ve est apparu en premier sur CFTC.<\/p>\n\t\t<\/div>\n\t\t\t\t<\/div>\n\t\t\t\t<div class=\"elementor-post__meta-data\">\n\t\t\t\t\t<span class=\"elementor-post-date\">\n\t\t\t3 avril 2026\t\t<\/span>\n\t\t\t\t<\/div>\n\t\t\t\t\t<\/div>\n\t\t<\/article>\n\t\t\t\t<article class=\"elementor-post elementor-grid-item post-5292 post type-post status-publish format-standard hentry category-non-classe\">\n\t\t\t<div class=\"elementor-post__card\">\n\t\t\t\t<div class=\"elementor-post__text\">\n\t\t\t\t<h3 class=\"elementor-post__title\">\n\t\t\t<a href=\"https:\/\/cftc-syntec.fr\/testimport\/insertion-des-travailleurs-en-situation-de-handicap-2\/\" >\n\t\t\t\tInsertion des travailleurs en situation de handicap\t\t\t<\/a>\n\t\t<\/h3>\n\t\t\t\t<div class=\"elementor-post__excerpt\">\n\t\t\t<p>16\/06\/2026 &#8211; 18\/06\/2026 &#8211; Toute la journ\u00e9e Villejuif 100 avenue de Stalingrad Villejuif<\/p>\n\t\t<\/div>\n\t\t\t\t<\/div>\n\t\t\t\t<div class=\"elementor-post__meta-data\">\n\t\t\t\t\t<span class=\"elementor-post-date\">\n\t\t\t31 mars 2026\t\t<\/span>\n\t\t\t\t<\/div>\n\t\t\t\t\t<\/div>\n\t\t<\/article>\n\t\t\t\t<article class=\"elementor-post elementor-grid-item post-5291 post type-post status-publish format-standard hentry category-non-classe\">\n\t\t\t<div class=\"elementor-post__card\">\n\t\t\t\t<div class=\"elementor-post__text\">\n\t\t\t\t<h3 class=\"elementor-post__title\">\n\t\t\t<a href=\"https:\/\/cftc-syntec.fr\/testimport\/a-lyon-la-cftc-accompagne-un-lanceur-dalerte-et-denonce-des-risques-de-pollution\/\" >\n\t\t\t\tA Lyon, la CFTC accompagne un lanceur d\u2019alerte et d\u00e9nonce des risques de pollution\t\t\t<\/a>\n\t\t<\/h3>\n\t\t\t\t<div class=\"elementor-post__excerpt\">\n\t\t\t<p>Cet article A Lyon, la CFTC accompagne un lanceur d\u2019alerte et d\u00e9nonce des risques de pollution est apparu en premier sur CFTC.<\/p>\n\t\t<\/div>\n\t\t\t\t<\/div>\n\t\t\t\t<div class=\"elementor-post__meta-data\">\n\t\t\t\t\t<span class=\"elementor-post-date\">\n\t\t\t24 mars 2026\t\t<\/span>\n\t\t\t\t<\/div>\n\t\t\t\t\t<\/div>\n\t\t<\/article>\n\t\t\t\t<article class=\"elementor-post elementor-grid-item post-5290 post type-post status-publish format-standard hentry category-non-classe\">\n\t\t\t<div class=\"elementor-post__card\">\n\t\t\t\t<div class=\"elementor-post__text\">\n\t\t\t\t<h3 class=\"elementor-post__title\">\n\t\t\t<a href=\"https:\/\/cftc-syntec.fr\/testimport\/faut-il-davantage-reguler-la-financiarisation-du-systeme-de-sante\/\" >\n\t\t\t\tFaut-il davantage r\u00e9guler la financiarisation du syst\u00e8me de sant\u00e9?\t\t\t<\/a>\n\t\t<\/h3>\n\t\t\t\t<div class=\"elementor-post__excerpt\">\n\t\t\t<p>Cet article Faut-il davantage r\u00e9guler la financiarisation du syst\u00e8me de sant\u00e9? est apparu en premier sur CFTC.<\/p>\n\t\t<\/div>\n\t\t\t\t<\/div>\n\t\t\t\t<div class=\"elementor-post__meta-data\">\n\t\t\t\t\t<span class=\"elementor-post-date\">\n\t\t\t19 mars 2026\t\t<\/span>\n\t\t\t\t<\/div>\n\t\t\t\t\t<\/div>\n\t\t<\/article>\n\t\t\t\t<article class=\"elementor-post elementor-grid-item post-5289 post type-post status-publish format-standard hentry category-non-classe\">\n\t\t\t<div class=\"elementor-post__card\">\n\t\t\t\t<div class=\"elementor-post__text\">\n\t\t\t\t<h3 class=\"elementor-post__title\">\n\t\t\t<a href=\"https:\/\/cftc-syntec.fr\/testimport\/comment-mieux-lutter-contre-le-recours-aux-contrats-courts\/\" >\n\t\t\t\tComment mieux lutter contre le recours aux contrats courts?\t\t\t<\/a>\n\t\t<\/h3>\n\t\t\t\t<div class=\"elementor-post__excerpt\">\n\t\t\t<p>Cet article Comment mieux lutter contre le recours aux contrats courts? est apparu en premier sur CFTC.<\/p>\n\t\t<\/div>\n\t\t\t\t<\/div>\n\t\t\t\t<div class=\"elementor-post__meta-data\">\n\t\t\t\t\t<span class=\"elementor-post-date\">\n\t\t\t19 mars 2026\t\t<\/span>\n\t\t\t\t<\/div>\n\t\t\t\t\t<\/div>\n\t\t<\/article>\n\t\t\t\t<article class=\"elementor-post elementor-grid-item post-5288 post type-post status-publish format-standard hentry category-non-classe\">\n\t\t\t<div class=\"elementor-post__card\">\n\t\t\t\t<div class=\"elementor-post__text\">\n\t\t\t\t<h3 class=\"elementor-post__title\">\n\t\t\t<a href=\"https:\/\/cftc-syntec.fr\/testimport\/elections-municipales-gerer-une-ville-cest-decider-du-sort-de-ceux-qui-la-font-tourner\/\" >\n\t\t\t\t\u00c9lections municipales: \u00ab G\u00e9rer une ville, c\u2019est d\u00e9cider du sort de ceux qui la font tourner \u00bb\t\t\t<\/a>\n\t\t<\/h3>\n\t\t\t\t<div class=\"elementor-post__excerpt\">\n\t\t\t<p>Cet article \u00c9lections municipales: \u00ab G\u00e9rer une ville, c\u2019est d\u00e9cider du sort de ceux qui la font tourner \u00bb est apparu en premier sur CFTC.<\/p>\n\t\t<\/div>\n\t\t\t\t<\/div>\n\t\t\t\t<div class=\"elementor-post__meta-data\">\n\t\t\t\t\t<span class=\"elementor-post-date\">\n\t\t\t18 mars 2026\t\t<\/span>\n\t\t\t\t<\/div>\n\t\t\t\t\t<\/div>\n\t\t<\/article>\n\t\t\t\t<article class=\"elementor-post elementor-grid-item post-5287 post type-post status-publish format-standard hentry category-non-classe\">\n\t\t\t<div class=\"elementor-post__card\">\n\t\t\t\t<div class=\"elementor-post__text\">\n\t\t\t\t<h3 class=\"elementor-post__title\">\n\t\t\t<a href=\"https:\/\/cftc-syntec.fr\/testimport\/communication-non-violente\/\" >\n\t\t\t\tCommunication Non Violente\t\t\t<\/a>\n\t\t<\/h3>\n\t\t\t\t<div class=\"elementor-post__excerpt\">\n\t\t\t<p>19\/05\/2026 &#8211; 20\/05\/2026 &#8211; Toute la journ\u00e9e Villejuif 100 avenue de Stalingrad Villejuif<\/p>\n\t\t<\/div>\n\t\t\t\t<\/div>\n\t\t\t\t<div class=\"elementor-post__meta-data\">\n\t\t\t\t\t<span class=\"elementor-post-date\">\n\t\t\t17 mars 2026\t\t<\/span>\n\t\t\t\t<\/div>\n\t\t\t\t\t<\/div>\n\t\t<\/article>\n\t\t\t\t<article class=\"elementor-post elementor-grid-item post-5286 post type-post status-publish format-standard hentry category-non-classe\">\n\t\t\t<div class=\"elementor-post__card\">\n\t\t\t\t<div class=\"elementor-post__text\">\n\t\t\t\t<h3 class=\"elementor-post__title\">\n\t\t\t<a href=\"https:\/\/cftc-syntec.fr\/testimport\/pour-un-protectionnisme-intelligent-la-chronique-eco-de-cyril-chabanier-sur-kto-tv\/\" >\n\t\t\t\tPour un protectionnisme intelligent : la chronique \u00c9co de Cyril Chabanier, sur KTO TV\t\t\t<\/a>\n\t\t<\/h3>\n\t\t\t\t<div class=\"elementor-post__excerpt\">\n\t\t\t<p>Cet article Pour un protectionnisme intelligent : la chronique \u00c9co de Cyril Chabanier, sur KTO TV est apparu en premier sur CFTC.<\/p>\n\t\t<\/div>\n\t\t\t\t<\/div>\n\t\t\t\t<div class=\"elementor-post__meta-data\">\n\t\t\t\t\t<span class=\"elementor-post-date\">\n\t\t\t4 mars 2026\t\t<\/span>\n\t\t\t\t<\/div>\n\t\t\t\t\t<\/div>\n\t\t<\/article>\n\t\t\t\t<article class=\"elementor-post elementor-grid-item post-5285 post type-post status-publish format-standard hentry category-non-classe\">\n\t\t\t<div class=\"elementor-post__card\">\n\t\t\t\t<div class=\"elementor-post__text\">\n\t\t\t\t<h3 class=\"elementor-post__title\">\n\t\t\t<a href=\"https:\/\/cftc-syntec.fr\/testimport\/fonction-publique-luttons-contre-les-idees-recues-sur-les-fonctionnaires\/\" >\n\t\t\t\tFonction publique : luttons contre les id\u00e9es re\u00e7ues sur les fonctionnaires\t\t\t<\/a>\n\t\t<\/h3>\n\t\t\t\t<div class=\"elementor-post__excerpt\">\n\t\t\t<p>Cet article Fonction publique : luttons contre les id\u00e9es re\u00e7ues sur les fonctionnaires est apparu en premier sur CFTC.<\/p>\n\t\t<\/div>\n\t\t\t\t<\/div>\n\t\t\t\t<div class=\"elementor-post__meta-data\">\n\t\t\t\t\t<span class=\"elementor-post-date\">\n\t\t\t4 mars 2026\t\t<\/span>\n\t\t\t\t<\/div>\n\t\t\t\t\t<\/div>\n\t\t<\/article>\n\t\t\t\t<article class=\"elementor-post elementor-grid-item post-5284 post type-post status-publish format-standard hentry category-non-classe\">\n\t\t\t<div class=\"elementor-post__card\">\n\t\t\t\t<div class=\"elementor-post__text\">\n\t\t\t\t<h3 class=\"elementor-post__title\">\n\t\t\t<a href=\"https:\/\/cftc-syntec.fr\/testimport\/elections-professionnelles-3\/\" >\n\t\t\t\tElections professionnelles\t\t\t<\/a>\n\t\t<\/h3>\n\t\t\t\t<div class=\"elementor-post__excerpt\">\n\t\t\t<p>02\/06\/2026 &#8211; 04\/06\/2026 &#8211; Toute la journ\u00e9e Villejuif 100 Avenue de Stalingrad Villejuif<\/p>\n\t\t<\/div>\n\t\t\t\t<\/div>\n\t\t\t\t<div class=\"elementor-post__meta-data\">\n\t\t\t\t\t<span class=\"elementor-post-date\">\n\t\t\t3 mars 2026\t\t<\/span>\n\t\t\t\t<\/div>\n\t\t\t\t\t<\/div>\n\t\t<\/article>\n\t\t\t\t<article class=\"elementor-post elementor-grid-item post-5283 post type-post status-publish format-standard hentry category-non-classe\">\n\t\t\t<div class=\"elementor-post__card\">\n\t\t\t\t<div class=\"elementor-post__text\">\n\t\t\t\t<h3 class=\"elementor-post__title\">\n\t\t\t<a href=\"https:\/\/cftc-syntec.fr\/testimport\/8-mars-journee-internationale-des-droits-des-femmes-la-france-doit-sengager-pour-legalite\/\" >\n\t\t\t\t8 mars, journ\u00e9e internationale des droits des femmes : la France doit s\u2019engager pour l\u2019\u00e9galit\u00e9 !\t\t\t<\/a>\n\t\t<\/h3>\n\t\t\t\t<div class=\"elementor-post__excerpt\">\n\t\t\t<p>Cet article 8 mars, journ\u00e9e internationale des droits des femmes : la France doit s\u2019engager pour l\u2019\u00e9galit\u00e9 ! est apparu en premier sur CFTC.<\/p>\n\t\t<\/div>\n\t\t\t\t<\/div>\n\t\t\t\t<div class=\"elementor-post__meta-data\">\n\t\t\t\t\t<span class=\"elementor-post-date\">\n\t\t\t3 mars 2026\t\t<\/span>\n\t\t\t\t<\/div>\n\t\t\t\t\t<\/div>\n\t\t<\/article>\n\t\t\t\t<article class=\"elementor-post elementor-grid-item post-5282 post type-post status-publish format-standard hentry category-non-classe\">\n\t\t\t<div class=\"elementor-post__card\">\n\t\t\t\t<div class=\"elementor-post__text\">\n\t\t\t\t<h3 class=\"elementor-post__title\">\n\t\t\t<a href=\"https:\/\/cftc-syntec.fr\/testimport\/assurance-chomage-et-ruptures-conventionnelles-la-cftc-sauve-le-dispositif-et-protege-les-salaries\/\" >\n\t\t\t\tAssurance ch\u00f4mage et ruptures conventionnelles : la CFTC sauve le dispositif et prot\u00e8ge les salari\u00e9s\t\t\t<\/a>\n\t\t<\/h3>\n\t\t\t\t<div class=\"elementor-post__excerpt\">\n\t\t\t<p>Cet article Assurance ch\u00f4mage et ruptures conventionnelles : la CFTC sauve le dispositif et prot\u00e8ge les salari\u00e9s est apparu en premier sur CFTC.<\/p>\n\t\t<\/div>\n\t\t\t\t<\/div>\n\t\t\t\t<div class=\"elementor-post__meta-data\">\n\t\t\t\t\t<span class=\"elementor-post-date\">\n\t\t\t2 mars 2026\t\t<\/span>\n\t\t\t\t<\/div>\n\t\t\t\t\t<\/div>\n\t\t<\/article>\n\t\t\t\t<article class=\"elementor-post elementor-grid-item post-5281 post type-post status-publish format-standard hentry category-non-classe\">\n\t\t\t<div class=\"elementor-post__card\">\n\t\t\t\t<div class=\"elementor-post__text\">\n\t\t\t\t<h3 class=\"elementor-post__title\">\n\t\t\t<a href=\"https:\/\/cftc-syntec.fr\/testimport\/cpf-ce-qui-change-ce-qui-interroge\/\" >\n\t\t\t\tCPF : ce qui change, ce qui interroge\t\t\t<\/a>\n\t\t<\/h3>\n\t\t\t\t<div class=\"elementor-post__excerpt\">\n\t\t\t<p>Cet article CPF : ce qui change, ce qui interroge est apparu en premier sur CFTC.<\/p>\n\t\t<\/div>\n\t\t\t\t<\/div>\n\t\t\t\t<div class=\"elementor-post__meta-data\">\n\t\t\t\t\t<span class=\"elementor-post-date\">\n\t\t\t27 f\u00e9vrier 2026\t\t<\/span>\n\t\t\t\t<\/div>\n\t\t\t\t\t<\/div>\n\t\t<\/article>\n\t\t\t\t<article class=\"elementor-post elementor-grid-item post-5280 post type-post status-publish format-standard hentry category-non-classe\">\n\t\t\t<div class=\"elementor-post__card\">\n\t\t\t\t<div class=\"elementor-post__text\">\n\t\t\t\t<h3 class=\"elementor-post__title\">\n\t\t\t<a href=\"https:\/\/cftc-syntec.fr\/testimport\/cdd-de-reconversion-professionnelle\/\" >\n\t\t\t\tCDD de reconversion professionnelle\t\t\t<\/a>\n\t\t<\/h3>\n\t\t\t\t<div class=\"elementor-post__excerpt\">\n\t\t\t<p>Le CDD de reconversion professionnelle, un dispositif ouvert depuis le 1er janvier 2026.\u00a0 Il permet \u00e0 tout salari\u00e9 de tester un nouveau m\u00e9tier ou un nouveau secteur tout en conservant la s\u00e9curit\u00e9 de son contrat initial, simplement suspendu durant la p\u00e9riode de reconversion. Ce CDD, financ\u00e9 par l\u2019OPCO ou le CPF selon la situation, offre un<\/p>\n\t\t<\/div>\n\t\t\t\t<\/div>\n\t\t\t\t<div class=\"elementor-post__meta-data\">\n\t\t\t\t\t<span class=\"elementor-post-date\">\n\t\t\t27 f\u00e9vrier 2026\t\t<\/span>\n\t\t\t\t<\/div>\n\t\t\t\t\t<\/div>\n\t\t<\/article>\n\t\t\t\t<article class=\"elementor-post elementor-grid-item post-5279 post type-post status-publish format-standard hentry category-non-classe\">\n\t\t\t<div class=\"elementor-post__card\">\n\t\t\t\t<div class=\"elementor-post__text\">\n\t\t\t\t<h3 class=\"elementor-post__title\">\n\t\t\t<a href=\"https:\/\/cftc-syntec.fr\/testimport\/8-mars-la-france-doit-sengager-pleinement-pour-legalite-femmes-hommes\/\" >\n\t\t\t\t8 mars : La France doit s\u2019engager pleinement pour l\u2019\u00e9galit\u00e9 femmes-hommes\t\t\t<\/a>\n\t\t<\/h3>\n\t\t\t\t<div class=\"elementor-post__excerpt\">\n\t\t\t<p>Les in\u00e9galit\u00e9s entre les femmes et les hommes persistent dans nos entreprises et nos services publics. Et les femmes continuent \u00e0 \u00eatre les premi\u00e8res impact\u00e9es par les coupes budg\u00e9taires. La directive europ\u00e9enne 2023\/970 transparence des r\u00e9mun\u00e9rations vise \u00e0 \u00ab renforcer l\u2019application du principe de l\u2019\u00e9galit\u00e9 des r\u00e9mun\u00e9rations entre les femmes et les hommes pour un m\u00eame<\/p>\n\t\t<\/div>\n\t\t\t\t<\/div>\n\t\t\t\t<div class=\"elementor-post__meta-data\">\n\t\t\t\t\t<span class=\"elementor-post-date\">\n\t\t\t27 f\u00e9vrier 2026\t\t<\/span>\n\t\t\t\t<\/div>\n\t\t\t\t\t<\/div>\n\t\t<\/article>\n\t\t\t\t<article class=\"elementor-post elementor-grid-item post-5278 post type-post status-publish format-standard hentry category-non-classe\">\n\t\t\t<div class=\"elementor-post__card\">\n\t\t\t\t<div class=\"elementor-post__text\">\n\t\t\t\t<h3 class=\"elementor-post__title\">\n\t\t\t<a href=\"https:\/\/cftc-syntec.fr\/testimport\/negociation-sur-les-ruptures-conventionnelles-ce-que-propose-la-cftc\/\" >\n\t\t\t\tN\u00e9gociation sur les ruptures conventionnelles : ce que propose la CFTC\t\t\t<\/a>\n\t\t<\/h3>\n\t\t\t\t<div class=\"elementor-post__excerpt\">\n\t\t\t<p>Cet article N\u00e9gociation sur les ruptures conventionnelles : ce que propose la CFTC est apparu en premier sur CFTC.<\/p>\n\t\t<\/div>\n\t\t\t\t<\/div>\n\t\t\t\t<div class=\"elementor-post__meta-data\">\n\t\t\t\t\t<span class=\"elementor-post-date\">\n\t\t\t24 f\u00e9vrier 2026\t\t<\/span>\n\t\t\t\t<\/div>\n\t\t\t\t\t<\/div>\n\t\t<\/article>\n\t\t\t\t<article class=\"elementor-post elementor-grid-item post-5277 post type-post status-publish format-standard hentry category-non-classe\">\n\t\t\t<div class=\"elementor-post__card\">\n\t\t\t\t<div class=\"elementor-post__text\">\n\t\t\t\t<h3 class=\"elementor-post__title\">\n\t\t\t<a href=\"https:\/\/cftc-syntec.fr\/testimport\/surenchere-douaniere-face-a-la-crise-comment-proteger-les-salaries-de-la-filiere-cognac\/\" >\n\t\t\t\tSurench\u00e8re douani\u00e8re : face \u00e0 la crise, comment prot\u00e9ger les salari\u00e9s de la fili\u00e8re cognac?\t\t\t<\/a>\n\t\t<\/h3>\n\t\t\t\t<div class=\"elementor-post__excerpt\">\n\t\t\t<p>Cet article Surench\u00e8re douani\u00e8re : face \u00e0 la crise, comment prot\u00e9ger les salari\u00e9s de la fili\u00e8re cognac? est apparu en premier sur CFTC.<\/p>\n\t\t<\/div>\n\t\t\t\t<\/div>\n\t\t\t\t<div class=\"elementor-post__meta-data\">\n\t\t\t\t\t<span class=\"elementor-post-date\">\n\t\t\t23 f\u00e9vrier 2026\t\t<\/span>\n\t\t\t\t<\/div>\n\t\t\t\t\t<\/div>\n\t\t<\/article>\n\t\t\t\t<article class=\"elementor-post elementor-grid-item post-5276 post type-post status-publish format-standard hentry category-non-classe\">\n\t\t\t<div class=\"elementor-post__card\">\n\t\t\t\t<div class=\"elementor-post__text\">\n\t\t\t\t<h3 class=\"elementor-post__title\">\n\t\t\t<a href=\"https:\/\/cftc-syntec.fr\/testimport\/inondations-une-aide-durgence-est-disponible\/\" >\n\t\t\t\tInondations : une aide d\u2019urgence est disponible!\t\t\t<\/a>\n\t\t<\/h3>\n\t\t\t\t<div class=\"elementor-post__excerpt\">\n\t\t\t<p>Cet article Inondations : une aide d\u2019urgence est disponible! est apparu en premier sur CFTC.<\/p>\n\t\t<\/div>\n\t\t\t\t<\/div>\n\t\t\t\t<div class=\"elementor-post__meta-data\">\n\t\t\t\t\t<span class=\"elementor-post-date\">\n\t\t\t20 f\u00e9vrier 2026\t\t<\/span>\n\t\t\t\t<\/div>\n\t\t\t\t\t<\/div>\n\t\t<\/article>\n\t\t\t\t<article class=\"elementor-post elementor-grid-item post-5275 post type-post status-publish format-standard hentry category-non-classe\">\n\t\t\t<div class=\"elementor-post__card\">\n\t\t\t\t<div class=\"elementor-post__text\">\n\t\t\t\t<h3 class=\"elementor-post__title\">\n\t\t\t<a href=\"https:\/\/cftc-syntec.fr\/testimport\/le-piege-du-cdi-jeunes-la-chronique-eco-de-cyril-chabanier-sur-kto-tv\/\" >\n\t\t\t\tLe pi\u00e8ge du \u00ab\u00a0CDI Jeunes\u00a0\u00bb : la chronique Eco de Cyril Chabanier, sur KTO TV\t\t\t<\/a>\n\t\t<\/h3>\n\t\t\t\t<div class=\"elementor-post__excerpt\">\n\t\t\t<p>Cet article Le pi\u00e8ge du \u00ab\u00a0CDI Jeunes\u00a0\u00bb : la chronique Eco de Cyril Chabanier, sur KTO TV est apparu en premier sur CFTC.<\/p>\n\t\t<\/div>\n\t\t\t\t<\/div>\n\t\t\t\t<div class=\"elementor-post__meta-data\">\n\t\t\t\t\t<span class=\"elementor-post-date\">\n\t\t\t20 f\u00e9vrier 2026\t\t<\/span>\n\t\t\t\t<\/div>\n\t\t\t\t\t<\/div>\n\t\t<\/article>\n\t\t\t\t<article class=\"elementor-post elementor-grid-item post-5274 post type-post status-publish format-standard hentry category-non-classe\">\n\t\t\t<div class=\"elementor-post__card\">\n\t\t\t\t<div class=\"elementor-post__text\">\n\t\t\t\t<h3 class=\"elementor-post__title\">\n\t\t\t<a href=\"https:\/\/cftc-syntec.fr\/testimport\/regulation-des-fonds-speculatifs-comment-davantage-mettre-la-finance-au-service-de-leconomie-reelle\/\" >\n\t\t\t\tR\u00e9gulation des fonds sp\u00e9culatifs : comment davantage mettre la finance au service de l\u2019\u00e9conomie r\u00e9elle?\t\t\t<\/a>\n\t\t<\/h3>\n\t\t\t\t<div class=\"elementor-post__excerpt\">\n\t\t\t<p>Cet article R\u00e9gulation des fonds sp\u00e9culatifs : comment davantage mettre la finance au service de l\u2019\u00e9conomie r\u00e9elle? est apparu en premier sur CFTC.<\/p>\n\t\t<\/div>\n\t\t\t\t<\/div>\n\t\t\t\t<div class=\"elementor-post__meta-data\">\n\t\t\t\t\t<span class=\"elementor-post-date\">\n\t\t\t18 f\u00e9vrier 2026\t\t<\/span>\n\t\t\t\t<\/div>\n\t\t\t\t\t<\/div>\n\t\t<\/article>\n\t\t\t\t<article class=\"elementor-post elementor-grid-item post-5273 post type-post status-publish format-standard hentry category-non-classe\">\n\t\t\t<div class=\"elementor-post__card\">\n\t\t\t\t<div class=\"elementor-post__text\">\n\t\t\t\t<h3 class=\"elementor-post__title\">\n\t\t\t<a href=\"https:\/\/cftc-syntec.fr\/testimport\/harcelement-et-violences-sexistes-au-travail-comprendre-prevenir-agir\/\" >\n\t\t\t\tHARC\u00c8LEMENT ET VIOLENCES SEXISTES AU TRAVAIL : COMPRENDRE, PR\u00c9VENIR, AGIR\t\t\t<\/a>\n\t\t<\/h3>\n\t\t\t\t<div class=\"elementor-post__excerpt\">\n\t\t\t<p>24\/04\/2026 &#8211; 10h00 &#8211; 16h00 Villejuif 100 avenue de Stalingrad Villejuif<\/p>\n\t\t<\/div>\n\t\t\t\t<\/div>\n\t\t\t\t<div class=\"elementor-post__meta-data\">\n\t\t\t\t\t<span class=\"elementor-post-date\">\n\t\t\t17 f\u00e9vrier 2026\t\t<\/span>\n\t\t\t\t<\/div>\n\t\t\t\t\t<\/div>\n\t\t<\/article>\n\t\t\t\t<article class=\"elementor-post elementor-grid-item post-5272 post type-post status-publish format-standard hentry category-non-classe\">\n\t\t\t<div class=\"elementor-post__card\">\n\t\t\t\t<div class=\"elementor-post__text\">\n\t\t\t\t<h3 class=\"elementor-post__title\">\n\t\t\t<a href=\"https:\/\/cftc-syntec.fr\/testimport\/cenpa-prolongation-du-redressement-judiciaire-et-suivi-syndical\/\" >\n\t\t\t\tCENPA : prolongation du redressement judiciaire et suivi syndical\t\t\t<\/a>\n\t\t<\/h3>\n\t\t\t\t<div class=\"elementor-post__excerpt\">\n\t\t\t<p>Cenpa, papeterie alsacienne fond\u00e9e en 1793 et sp\u00e9cialis\u00e9e dans le carton, traverse une p\u00e9riode difficile. Plac\u00e9e en redressement judiciaire depuis d\u00e9cembre 2024, l\u2019entreprise avait connu en 2025 une restructuration lourde avec 38 \u00e0 40 d\u00e9parts, et un recentrage sur les produits d\u2019hygi\u00e8ne les plus rentables. La production avait commenc\u00e9 \u00e0 repartir, et plusieurs repreneurs avaient montr\u00e9<\/p>\n\t\t<\/div>\n\t\t\t\t<\/div>\n\t\t\t\t<div class=\"elementor-post__meta-data\">\n\t\t\t\t\t<span class=\"elementor-post-date\">\n\t\t\t16 f\u00e9vrier 2026\t\t<\/span>\n\t\t\t\t<\/div>\n\t\t\t\t\t<\/div>\n\t\t<\/article>\n\t\t\t\t<article class=\"elementor-post elementor-grid-item post-5271 post type-post status-publish format-standard hentry category-non-classe\">\n\t\t\t<div class=\"elementor-post__card\">\n\t\t\t\t<div class=\"elementor-post__text\">\n\t\t\t\t<h3 class=\"elementor-post__title\">\n\t\t\t<a href=\"https:\/\/cftc-syntec.fr\/testimport\/suppressions-de-postes-a-capgemini-on-veillera-a-ce-que-les-departs-soient-volontaires-pas-subis\/\" >\n\t\t\t\tSuppressions de postes \u00e0 Capgemini: \u00abOn veillera \u00e0 ce que les d\u00e9parts soient volontaires, pas subis\u00bb\t\t\t<\/a>\n\t\t<\/h3>\n\t\t\t\t<div class=\"elementor-post__excerpt\">\n\t\t\t<p>Cet article Suppressions de postes \u00e0 Capgemini: \u00abOn veillera \u00e0 ce que les d\u00e9parts soient volontaires, pas subis\u00bb est apparu en premier sur CFTC.<\/p>\n\t\t<\/div>\n\t\t\t\t<\/div>\n\t\t\t\t<div class=\"elementor-post__meta-data\">\n\t\t\t\t\t<span class=\"elementor-post-date\">\n\t\t\t13 f\u00e9vrier 2026\t\t<\/span>\n\t\t\t\t<\/div>\n\t\t\t\t\t<\/div>\n\t\t<\/article>\n\t\t\t\t<article class=\"elementor-post elementor-grid-item post-5270 post type-post status-publish format-standard hentry category-non-classe\">\n\t\t\t<div class=\"elementor-post__card\">\n\t\t\t\t<div class=\"elementor-post__text\">\n\t\t\t\t<h3 class=\"elementor-post__title\">\n\t\t\t<a href=\"https:\/\/cftc-syntec.fr\/testimport\/expression-directe-pourquoi-il-faut-arreter-le-fonctionnaire-bashing\/\" >\n\t\t\t\tExpression Directe : pourquoi il faut arr\u00eater le \u00ab fonctionnaire bashing \u00bb\t\t\t<\/a>\n\t\t<\/h3>\n\t\t\t\t<div class=\"elementor-post__excerpt\">\n\t\t\t<p>Cet article Expression Directe : pourquoi il faut arr\u00eater le \u00ab fonctionnaire bashing \u00bb est apparu en premier sur CFTC.<\/p>\n\t\t<\/div>\n\t\t\t\t<\/div>\n\t\t\t\t<div class=\"elementor-post__meta-data\">\n\t\t\t\t\t<span class=\"elementor-post-date\">\n\t\t\t12 f\u00e9vrier 2026\t\t<\/span>\n\t\t\t\t<\/div>\n\t\t\t\t\t<\/div>\n\t\t<\/article>\n\t\t\t\t<article class=\"elementor-post elementor-grid-item post-5269 post type-post status-publish format-standard hentry category-non-classe\">\n\t\t\t<div class=\"elementor-post__card\">\n\t\t\t\t<div class=\"elementor-post__text\">\n\t\t\t\t<h3 class=\"elementor-post__title\">\n\t\t\t<a href=\"https:\/\/cftc-syntec.fr\/testimport\/une-negociation-salariale-aboutie-pour-2026\/\" >\n\t\t\t\tUne n\u00e9gociation salariale aboutie pour 2026\t\t\t<\/a>\n\t\t<\/h3>\n\t\t\t\t<div class=\"elementor-post__excerpt\">\n\t\t\t<p>Trois sessions intenses, men\u00e9es par la d\u00e9l\u00e9gation CFTC compos\u00e9e de C\u00e9cilia Pereira, Nathalie Bouillet et moi-m\u00eame, ont permis d\u2019aboutir \u00e0 une r\u00e9vision consensuelle et ambitieuse des salaires minima conventionnels (SMC) du secteur. Un accord \u00e9quilibr\u00e9 obtenu apr\u00e8s trois r\u00e9unions d\u00e9cisives\u00a0: Au terme de ces \u00e9changes soutenus, la revalorisation g\u00e9n\u00e9rale de +1,3 % de toutes les classifications<\/p>\n\t\t<\/div>\n\t\t\t\t<\/div>\n\t\t\t\t<div class=\"elementor-post__meta-data\">\n\t\t\t\t\t<span class=\"elementor-post-date\">\n\t\t\t10 f\u00e9vrier 2026\t\t<\/span>\n\t\t\t\t<\/div>\n\t\t\t\t\t<\/div>\n\t\t<\/article>\n\t\t\t\t<article class=\"elementor-post elementor-grid-item post-5268 post type-post status-publish format-standard hentry category-non-classe\">\n\t\t\t<div class=\"elementor-post__card\">\n\t\t\t\t<div class=\"elementor-post__text\">\n\t\t\t\t<h3 class=\"elementor-post__title\">\n\t\t\t<a href=\"https:\/\/cftc-syntec.fr\/testimport\/les-mutuelles-peuvent-elles-augmenter-leurs-tarifs-en-2026\/\" >\n\t\t\t\tLes mutuelles peuvent-elles augmenter leurs tarifs en 2026 ?\t\t\t<\/a>\n\t\t<\/h3>\n\t\t\t\t<div class=\"elementor-post__excerpt\">\n\t\t\t<p>Cet article Les mutuelles peuvent-elles augmenter leurs tarifs en 2026 ? est apparu en premier sur CFTC.<\/p>\n\t\t<\/div>\n\t\t\t\t<\/div>\n\t\t\t\t<div class=\"elementor-post__meta-data\">\n\t\t\t\t\t<span class=\"elementor-post-date\">\n\t\t\t6 f\u00e9vrier 2026\t\t<\/span>\n\t\t\t\t<\/div>\n\t\t\t\t\t<\/div>\n\t\t<\/article>\n\t\t\t\t<article class=\"elementor-post elementor-grid-item post-5267 post type-post status-publish format-standard hentry category-non-classe\">\n\t\t\t<div class=\"elementor-post__card\">\n\t\t\t\t<div class=\"elementor-post__text\">\n\t\t\t\t<h3 class=\"elementor-post__title\">\n\t\t\t<a href=\"https:\/\/cftc-syntec.fr\/testimport\/ruptures-conventionnelles-contrats-courts-tout-comprendre-des-negociations-sur-lassurance-chomage\/\" >\n\t\t\t\tRuptures conventionnelles, contrats courts:\u00a0tout comprendre des n\u00e9gociations sur l\u2019assurance ch\u00f4mage\t\t\t<\/a>\n\t\t<\/h3>\n\t\t\t\t<div class=\"elementor-post__excerpt\">\n\t\t\t<p>Cet article Ruptures conventionnelles, contrats courts:\u00a0tout comprendre des n\u00e9gociations sur l\u2019assurance ch\u00f4mage est apparu en premier sur CFTC.<\/p>\n\t\t<\/div>\n\t\t\t\t<\/div>\n\t\t\t\t<div class=\"elementor-post__meta-data\">\n\t\t\t\t\t<span class=\"elementor-post-date\">\n\t\t\t5 f\u00e9vrier 2026\t\t<\/span>\n\t\t\t\t<\/div>\n\t\t\t\t\t<\/div>\n\t\t<\/article>\n\t\t\t\t<article class=\"elementor-post elementor-grid-item post-5266 post type-post status-publish format-standard hentry category-non-classe\">\n\t\t\t<div class=\"elementor-post__card\">\n\t\t\t\t<div class=\"elementor-post__text\">\n\t\t\t\t<h3 class=\"elementor-post__title\">\n\t\t\t<a href=\"https:\/\/cftc-syntec.fr\/testimport\/la-denatalite-nest-pas-une-fatalite-rappelle-cyril-chabanier-sur-kto-tv\/\" >\n\t\t\t\t\u00ab La d\u00e9natalit\u00e9 n\u2019est pas une fatalit\u00e9 \u00bb rappelle Cyril Chabanier, sur KTO TV\t\t\t<\/a>\n\t\t<\/h3>\n\t\t\t\t<div class=\"elementor-post__excerpt\">\n\t\t\t<p>Cet article \u00ab La d\u00e9natalit\u00e9 n\u2019est pas une fatalit\u00e9 \u00bb rappelle Cyril Chabanier, sur KTO TV est apparu en premier sur CFTC.<\/p>\n\t\t<\/div>\n\t\t\t\t<\/div>\n\t\t\t\t<div class=\"elementor-post__meta-data\">\n\t\t\t\t\t<span class=\"elementor-post-date\">\n\t\t\t4 f\u00e9vrier 2026\t\t<\/span>\n\t\t\t\t<\/div>\n\t\t\t\t\t<\/div>\n\t\t<\/article>\n\t\t\t\t<article class=\"elementor-post elementor-grid-item post-5265 post type-post status-publish format-standard hentry category-non-classe\">\n\t\t\t<div class=\"elementor-post__card\">\n\t\t\t\t<div class=\"elementor-post__text\">\n\t\t\t\t<h3 class=\"elementor-post__title\">\n\t\t\t<a href=\"https:\/\/cftc-syntec.fr\/testimport\/ledito-de-cyril-chabanier-defendre-nos-interets-dans-un-monde-qui-bascule\/\" >\n\t\t\t\tL\u2019\u00e9dito de Cyril Chabanier : d\u00e9fendre nos int\u00e9r\u00eats dans un monde qui bascule\t\t\t<\/a>\n\t\t<\/h3>\n\t\t\t\t<div class=\"elementor-post__excerpt\">\n\t\t\t<p>Cet article L\u2019\u00e9dito de Cyril Chabanier : d\u00e9fendre nos int\u00e9r\u00eats dans un monde qui bascule est apparu en premier sur CFTC.<\/p>\n\t\t<\/div>\n\t\t\t\t<\/div>\n\t\t\t\t<div class=\"elementor-post__meta-data\">\n\t\t\t\t\t<span class=\"elementor-post-date\">\n\t\t\t3 f\u00e9vrier 2026\t\t<\/span>\n\t\t\t\t<\/div>\n\t\t\t\t\t<\/div>\n\t\t<\/article>\n\t\t\t\t<article class=\"elementor-post elementor-grid-item post-5264 post type-post status-publish format-standard hentry category-non-classe\">\n\t\t\t<div class=\"elementor-post__card\">\n\t\t\t\t<div class=\"elementor-post__text\">\n\t\t\t\t<h3 class=\"elementor-post__title\">\n\t\t\t<a href=\"https:\/\/cftc-syntec.fr\/testimport\/lancement-de-lalliance-du-fabrique-en-france-comment-assurer-notre-souverainete-industrielle\/\" >\n\t\t\t\tLancement de l\u2019Alliance du fabriqu\u00e9 en France : comment assurer notre souverainet\u00e9 industrielle?\t\t\t<\/a>\n\t\t<\/h3>\n\t\t\t\t<div class=\"elementor-post__excerpt\">\n\t\t\t<p>Cet article Lancement de l\u2019Alliance du fabriqu\u00e9 en France : comment assurer notre souverainet\u00e9 industrielle? est apparu en premier sur CFTC.<\/p>\n\t\t<\/div>\n\t\t\t\t<\/div>\n\t\t\t\t<div class=\"elementor-post__meta-data\">\n\t\t\t\t\t<span class=\"elementor-post-date\">\n\t\t\t28 janvier 2026\t\t<\/span>\n\t\t\t\t<\/div>\n\t\t\t\t\t<\/div>\n\t\t<\/article>\n\t\t\t\t<\/div>\n\n\n\t\t\n\t\t\t\t<div class=\"e-load-more-anchor\" data-page=\"1\" data-max-page=\"22\" data-next-page=\"https:\/\/cftc-syntec.fr\/testimport\/wp-json\/wp\/v2\/pages\/1123\/page\/2\/\"><\/div>\n\t\t\t\t<nav class=\"elementor-pagination\" role=\"navigation\" aria-label=\"Pagination\">\n\t\t\t<span class=\"page-numbers prev\">&laquo; Pr\u00e9c\u00e9dent<\/span>\n<span aria-current=\"page\" class=\"page-numbers current\"><span class=\"elementor-screen-only\">Page<\/span>1<\/span>\n<a class=\"page-numbers\" href=\"https:\/\/cftc-syntec.fr\/testimport\/wp-json\/wp\/v2\/pages\/1123\/page\/2\/\"><span class=\"elementor-screen-only\">Page<\/span>2<\/a>\n<a class=\"page-numbers\" href=\"https:\/\/cftc-syntec.fr\/testimport\/wp-json\/wp\/v2\/pages\/1123\/page\/3\/\"><span class=\"elementor-screen-only\">Page<\/span>3<\/a>\n<span class=\"page-numbers dots\">\u2026<\/span>\n<a class=\"page-numbers\" href=\"https:\/\/cftc-syntec.fr\/testimport\/wp-json\/wp\/v2\/pages\/1123\/page\/20\/\"><span class=\"elementor-screen-only\">Page<\/span>20<\/a>\n<a class=\"page-numbers next\" href=\"https:\/\/cftc-syntec.fr\/testimport\/wp-json\/wp\/v2\/pages\/1123\/page\/2\/\">Suivant&raquo;<\/a>\t\t<\/nav>\n\t\t\t\t<\/div>\n\t\t\t\t<\/div>\n\t\t\t\t\t\t<\/div>\n\t\t\t\t\t<\/div>\n\t\t<\/div>\n\t\t\t\t\t\t\t\t<\/div>\n\t\t\t\t\t<\/div>\n\t\t<\/section>\n\t\t\t\t<section class=\"elementor-section elementor-top-section elementor-element elementor-element-155a19b8 elementor-section-boxed elementor-section-height-default elementor-section-height-default\" data-id=\"155a19b8\" data-element_type=\"section\" data-settings=\"{&quot;background_background&quot;:&quot;gradient&quot;,&quot;shape_divider_top&quot;:&quot;waves&quot;}\">\n\t\t\t\t\t\t\t<div class=\"elementor-background-overlay\"><\/div>\n\t\t\t\t\t\t<div class=\"elementor-shape elementor-shape-top\" data-negative=\"false\">\n\t\t\t<svg xmlns=\"http:\/\/www.w3.org\/2000\/svg\" viewBox=\"0 0 1000 100\" preserveAspectRatio=\"none\">\n\t<path class=\"elementor-shape-fill\" d=\"M421.9,6.5c22.6-2.5,51.5,0.4,75.5,5.3c23.6,4.9,70.9,23.5,100.5,35.7c75.8,32.2,133.7,44.5,192.6,49.7\n\tc23.6,2.1,48.7,3.5,103.4-2.5c54.7-6,106.2-25.6,106.2-25.6V0H0v30.3c0,0,72,32.6,158.4,30.5c39.2-0.7,92.8-6.7,134-22.4\n\tc21.2-8.1,52.2-18.2,79.7-24.2C399.3,7.9,411.6,7.5,421.9,6.5z\"\/>\n<\/svg>\t\t<\/div>\n\t\t\t\t\t<div class=\"elementor-container elementor-column-gap-default\">\n\t\t\t\t\t\t\t<div class=\"elementor-row\">\n\t\t\t\t\t<div class=\"elementor-column elementor-col-50 elementor-top-column elementor-element elementor-element-7d7b87b7\" data-id=\"7d7b87b7\" data-element_type=\"column\">\n\t\t\t<div class=\"elementor-column-wrap elementor-element-populated\">\n\t\t\t\t\t\t\t<div class=\"elementor-widget-wrap\">\n\t\t\t\t\t\t<div class=\"elementor-element elementor-element-403aad18 elementor-widget elementor-widget-heading\" data-id=\"403aad18\" data-element_type=\"widget\" data-widget_type=\"heading.default\">\n\t\t\t\t<div class=\"elementor-widget-container\">\n\t\t\t<h4 class=\"elementor-heading-title elementor-size-default\">Envie de progresser avec nous en apportant ta propre exp\u00e9rience ?<\/h4>\t\t<\/div>\n\t\t\t\t<\/div>\n\t\t\t\t<div class=\"elementor-element elementor-element-45eebb3e elementor-widget elementor-widget-heading\" data-id=\"45eebb3e\" data-element_type=\"widget\" data-widget_type=\"heading.default\">\n\t\t\t\t<div class=\"elementor-widget-container\">\n\t\t\t<h2 class=\"elementor-heading-title elementor-size-default\">Nous pensons que oui ... car tu devrais \u00eatre syndicaliste !<\/h2>\t\t<\/div>\n\t\t\t\t<\/div>\n\t\t\t\t<div class=\"elementor-element elementor-element-7c10e58 elementor-mobile-align-center elementor-widget elementor-widget-button\" data-id=\"7c10e58\" data-element_type=\"widget\" data-widget_type=\"button.default\">\n\t\t\t\t<div class=\"elementor-widget-container\">\n\t\t\t\t\t<div class=\"elementor-button-wrapper\">\n\t\t\t<a href=\"http:\/\/cftc-syntec.fr\/testimport\/?page_id=59\" class=\"elementor-button-link elementor-button elementor-size-md\" role=\"button\">\n\t\t\t\t\t\t<span class=\"elementor-button-content-wrapper\">\n\t\t\t\t\t\t\t<span class=\"elementor-button-icon elementor-align-icon-right\">\n\t\t\t\t<i aria-hidden=\"true\" class=\"fas fa-arrow-right\"><\/i>\t\t\t<\/span>\n\t\t\t\t\t\t<span class=\"elementor-button-text\">Nous contacter<\/span>\n\t\t<\/span>\n\t\t\t\t\t<\/a>\n\t\t<\/div>\n\t\t\t\t<\/div>\n\t\t\t\t<\/div>\n\t\t\t\t\t\t<\/div>\n\t\t\t\t\t<\/div>\n\t\t<\/div>\n\t\t\t\t<div class=\"elementor-column elementor-col-50 elementor-top-column elementor-element elementor-element-52e127f3\" data-id=\"52e127f3\" data-element_type=\"column\">\n\t\t\t<div class=\"elementor-column-wrap elementor-element-populated\">\n\t\t\t\t\t\t\t<div class=\"elementor-widget-wrap\">\n\t\t\t\t\t\t<div class=\"elementor-element elementor-element-208c57b3 elementor-widget elementor-widget-image\" data-id=\"208c57b3\" data-element_type=\"widget\" data-settings=\"{&quot;motion_fx_motion_fx_scrolling&quot;:&quot;yes&quot;,&quot;motion_fx_translateY_effect&quot;:&quot;yes&quot;,&quot;motion_fx_translateY_direction&quot;:&quot;negative&quot;,&quot;motion_fx_translateY_speed&quot;:{&quot;unit&quot;:&quot;px&quot;,&quot;size&quot;:&quot;1&quot;,&quot;sizes&quot;:[]},&quot;motion_fx_devices&quot;:[&quot;desktop&quot;,&quot;tablet&quot;],&quot;motion_fx_translateY_affectedRange&quot;:{&quot;unit&quot;:&quot;%&quot;,&quot;size&quot;:&quot;&quot;,&quot;sizes&quot;:{&quot;start&quot;:&quot;0&quot;,&quot;end&quot;:&quot;50&quot;}}}\" data-widget_type=\"image.default\">\n\t\t\t\t<div class=\"elementor-widget-container\">\n\t\t\t\t\t\t\t\t<div class=\"elementor-image\">\n\t\t\t\t\t\t\t\t\t\t\t\t<img decoding=\"async\" width=\"1200\" height=\"1600\" src=\"https:\/\/cftc-syntec.fr\/testimport\/wp-content\/uploads\/sites\/11\/2021\/01\/img-20191106-wa00001.jpg\" class=\"attachment-full size-full\" alt=\"\" loading=\"lazy\" \/>\t\t\t\t\t\t\t\t\t\t\t\t\t\t<\/div>\n\t\t\t\t\t\t<\/div>\n\t\t\t\t<\/div>\n\t\t\t\t\t\t<\/div>\n\t\t\t\t\t<\/div>\n\t\t<\/div>\n\t\t\t\t\t\t\t\t<\/div>\n\t\t\t\t\t<\/div>\n\t\t<\/section>\n\t\t\t\t\t\t\t\t\t<\/div>\n\t\t\t<\/div>\n\t\t\t\t\t<\/div>\n\t\t","protected":false},"excerpt":{"rendered":"<p>Envie de progresser avec nous en apportant ta propre exp\u00e9rience ? Nous pensons que oui &#8230; car tu devrais \u00eatre syndicaliste ! Nous contacter<\/p>\n","protected":false},"author":1,"featured_media":0,"parent":0,"menu_order":0,"comment_status":"closed","ping_status":"closed","template":"","meta":[],"_links":{"self":[{"href":"https:\/\/cftc-syntec.fr\/testimport\/wp-json\/wp\/v2\/pages\/1123"}],"collection":[{"href":"https:\/\/cftc-syntec.fr\/testimport\/wp-json\/wp\/v2\/pages"}],"about":[{"href":"https:\/\/cftc-syntec.fr\/testimport\/wp-json\/wp\/v2\/types\/page"}],"author":[{"embeddable":true,"href":"https:\/\/cftc-syntec.fr\/testimport\/wp-json\/wp\/v2\/users\/1"}],"replies":[{"embeddable":true,"href":"https:\/\/cftc-syntec.fr\/testimport\/wp-json\/wp\/v2\/comments?post=1123"}],"version-history":[{"count":0,"href":"https:\/\/cftc-syntec.fr\/testimport\/wp-json\/wp\/v2\/pages\/1123\/revisions"}],"wp:attachment":[{"href":"https:\/\/cftc-syntec.fr\/testimport\/wp-json\/wp\/v2\/media?parent=1123"}],"curies":[{"name":"wp","href":"https:\/\/api.w.org\/{rel}","templated":true}]}}